{"id":4861,"date":"2026-01-26T11:23:58","date_gmt":"2026-01-26T11:23:58","guid":{"rendered":"https:\/\/pruymannconsulting.com\/?page_id=4861"},"modified":"2026-02-03T08:56:36","modified_gmt":"2026-02-03T08:56:36","slug":"protocolo-canal-etico","status":"publish","type":"page","link":"https:\/\/pruymannconsulting.com\/cat\/protocolo-canal-etico\/","title":{"rendered":"Protocolo Canal \u00c9tico"},"content":{"rendered":"<div data-elementor-type=\"wp-page\" data-elementor-id=\"4861\" class=\"elementor elementor-4861\">\n\t\t\t\t\t\t<section class=\"elementor-section elementor-top-section elementor-element elementor-element-10947b1 elementor-section-boxed elementor-section-height-default elementor-section-height-default\" data-id=\"10947b1\" data-element_type=\"section\">\n\t\t\t\t\t\t<div class=\"elementor-container elementor-column-gap-default\">\n\t\t\t\t\t<div class=\"elementor-column elementor-col-100 elementor-top-column elementor-element elementor-element-5e71311\" data-id=\"5e71311\" data-element_type=\"column\">\n\t\t\t<div class=\"elementor-widget-wrap elementor-element-populated\">\n\t\t\t\t\t\t<div class=\"elementor-element elementor-element-658cb92 elementor-widget elementor-widget-text-editor\" data-id=\"658cb92\" data-element_type=\"widget\" data-widget_type=\"text-editor.default\">\n\t\t\t\t<div class=\"elementor-widget-container\">\n\t\t\t\t\t\t\t\t\t<p style=\"text-align: center;\"><span style=\"color: #000000;\">Protocolo del canal de comunicaci\u00f3n<\/span><\/p><p><span style=\"color: #000000;\">Versi\u00f3n V.2026.1<\/span><br \/><span style=\"color: #000000;\">1. FINALIDAD<\/span><br \/><span style=\"color: #000000;\">PRUYMANN, con el objetivo de dar cumplimiento a su Sistema Interno de Informaci\u00f3n<\/span><br \/><span style=\"color: #000000;\">implementado \u2013 en adelante \u201cel Sistema\u201d o \u201cSII\u201d \u2013, as\u00ed como a la Ley 2\/2023, de 20 de febrero,<\/span><br \/><span style=\"color: #000000;\">reguladora de la protecci\u00f3n de las personas que informen sobre las infracciones normativas y de<\/span><br \/><span style=\"color: #000000;\">lucha contra la corrupci\u00f3n \u2013 en adelante Ley 2\/2023 \u2013 ha procedido a instaurar un Canal de<\/span><br \/><span style=\"color: #000000;\">Informaci\u00f3n con el objetivo de que todas las personas f\u00edsicas determinadas dentro del \u00e1mbito<\/span><br \/><span style=\"color: #000000;\">personal del citado SII puedan comunicar la existencia de incumplimientos o conductas contrarias<\/span><br \/><span style=\"color: #000000;\">a las normas contenidas dentro del \u00e1mbito material del SII de la organizaci\u00f3n.<\/span><br \/><span style=\"color: #000000;\">En consecuencia, el objetivo del presente protocolo es regular el funcionamiento del Canal de<\/span><br \/><span style=\"color: #000000;\">Informaci\u00f3n, as\u00ed como la gesti\u00f3n y tramitaci\u00f3n de las comunicaciones que se reciban y de los<\/span><br \/><span style=\"color: #000000;\">procedimientos de investigaci\u00f3n que deban ser iniciados en su caso.<\/span><\/p><p><span style=\"color: #000000;\">2. \u00c1MBITO DE APLICACI\u00d3N<\/span><br \/><span style=\"color: #000000;\">\u00c1mbito material<\/span><br \/><span style=\"color: #000000;\">El Canal de Informaci\u00f3n habilitado en PRUYMANN permite las comunicaciones en relaci\u00f3n a las<\/span><br \/><span style=\"color: #000000;\">materias que a continuaci\u00f3n se describen, en cumplimiento de la Ley 2\/2023, as\u00ed como, tambi\u00e9n,<\/span><br \/><span style=\"color: #000000;\">de la Ley 10\/2010, de 28 de abril, de Prevenci\u00f3n del Blanqueo de Capitales y de la Financiaci\u00f3n<\/span><br \/><span style=\"color: #000000;\">del Terrorismo, por tener la consideraci\u00f3n de sujeto obligado a esta Ley.<\/span><br \/><span style=\"color: #000000;\">Adem\u00e1s, el canal se ha habilitado para comunicar todas las cuestiones relacionadas con el<\/span><br \/><span style=\"color: #000000;\">Protocolo de prevenci\u00f3n y actuaci\u00f3n frente al acoso sexual y por raz\u00f3n de sexo en el \u00e1mbito<\/span><br \/><span style=\"color: #000000;\">laboral implementado por la organizaci\u00f3n.<\/span><br \/><span style=\"color: #000000;\">El \u00e1mbito material, en consonancia, es el siguiente:<\/span><br \/><span style=\"color: #000000;\">a) Ley 2\/2023:<\/span><br \/><span style=\"color: #000000;\">\u25aa Acciones u omisiones que puedan constituir infracciones del Derecho de la Uni\u00f3n<\/span><br \/><span style=\"color: #000000;\">Europea, siempre que:<\/span><br \/><span style=\"color: #000000;\">1. Entren dentro del \u00e1mbito de aplicaci\u00f3n de los actos de la Uni\u00f3n Europea<\/span><br \/><span style=\"color: #000000;\">enumerados en el anexo de la Directiva (UE) 2019\/1937 del Parlamento<\/span><br \/><span style=\"color: #000000;\">Europeo y del Consejo, de 23 de octubre de 2019, relativa a la protecci\u00f3n<\/span><br \/><span style=\"color: #000000;\">de las personas que informen sobre infracciones del Derecho de la<\/span><br \/><span style=\"color: #000000;\">Uni\u00f3n, con independencia de la calificaci\u00f3n que de las mismas realice el<\/span><br \/><span style=\"color: #000000;\">ordenamiento jur\u00eddico interno;<\/span><br \/><span style=\"color: #000000;\">2. Afecten a los intereses financieros de la Uni\u00f3n Europea tal y como se<\/span><br \/><span style=\"color: #000000;\">contemplan en el art\u00edculo 325 del Tratado de Funcionamiento de la<\/span><br \/><span style=\"color: #000000;\">Uni\u00f3n Europea (TFUE);<\/span><br \/><span style=\"color: #000000;\">3. Incidan en el mercado interior, tal y como se contempla en el art\u00edculo 26,<\/span><br \/><span style=\"color: #000000;\">apartado 2 del TFUE, incluidas las infracciones de las normas de la Uni\u00f3n<\/span><br \/><span style=\"color: #000000;\">Europea en materia de competencia y ayudas otorgadas por los Estados,<\/span><\/p><p><span style=\"color: #000000;\">as\u00ed como las infracciones relativas al mercado interior en relaci\u00f3n con los<\/span><br \/><span style=\"color: #000000;\">actos que infrinjan las normas del impuesto sobre sociedades o con<\/span><br \/><span style=\"color: #000000;\">pr\u00e1cticas cuya finalidad sea obtener una ventaja fiscal que desvirt\u00fae el<\/span><br \/><span style=\"color: #000000;\">objeto o la finalidad de la legislaci\u00f3n aplicable al impuesto sobre<\/span><br \/><span style=\"color: #000000;\">sociedades.<\/span><\/p><p><span style=\"color: #000000;\">\u25aa Acciones u omisiones que puedan ser constitutivas de infracci\u00f3n penal o<\/span><br \/><span style=\"color: #000000;\">administrativa grave o muy grave.<\/span><br \/><span style=\"color: #000000;\">\u25aa Infracciones del Derecho laboral en materia de seguridad y salud en el trabajo.<\/span><br \/><span style=\"color: #000000;\">b) Ley 10\/2010:<\/span><br \/><span style=\"color: #000000;\">\u25aa Cualquier infracci\u00f3n de las disposiciones contenidas en la Ley vigente de<\/span><br \/><span style=\"color: #000000;\">Prevenci\u00f3n del Blanqueo de Capitales y de la Financiaci\u00f3n del Terrorismo.<\/span><br \/><span style=\"color: #000000;\">c) Protocolo de prevenci\u00f3n y actuaci\u00f3n frente al acoso sexual y por raz\u00f3n de sexo:<\/span><br \/><span style=\"color: #000000;\">\u25aa Cualquier actuaci\u00f3n contraria a la normativa vigente en materia de acoso sexual<\/span><br \/><span style=\"color: #000000;\">y por raz\u00f3n de sexo (Ley Org\u00e1nica 3\/2007, para la igualdad efectiva de mujeres y<\/span><br \/><span style=\"color: #000000;\">hombres, art\u00edculo 48) , as\u00ed como a lo dispuesto en el Protocolo de prevenci\u00f3n y<\/span><br \/><span style=\"color: #000000;\">actuaci\u00f3n frente al acoso sexual en el \u00e1mbito laboral aprobado por la<\/span><br \/><span style=\"color: #000000;\">organizaci\u00f3n.<\/span><\/p><p><span style=\"color: #000000;\">\u00c1mbito personal<\/span><br \/><span style=\"color: #000000;\">La protecci\u00f3n contenida en la Ley 2\/2023, as\u00ed como la regulaci\u00f3n del presente protocolo, es de<\/span><br \/><span style=\"color: #000000;\">aplicaci\u00f3n a los siguientes informantes:<\/span><br \/><span style=\"color: #000000;\">1. Informantes que trabajen en el sector privado o p\u00fablico y que hayan obtenido informaci\u00f3n<\/span><br \/><span style=\"color: #000000;\">sobre infracciones en un contexto laboral o profesional, comprendiendo en todo caso:<\/span><br \/><span style=\"color: #000000;\">a. las personas que tengan la condici\u00f3n de empleados p\u00fablicos o trabajadores por cuenta<\/span><br \/><span style=\"color: #000000;\">ajena;<\/span><br \/><span style=\"color: #000000;\">b. los aut\u00f3nomos;<\/span><br \/><span style=\"color: #000000;\">c. los accionistas, part\u00edcipes y personas pertenecientes al \u00f3rgano de administraci\u00f3n,<\/span><br \/><span style=\"color: #000000;\">direcci\u00f3n o supervisi\u00f3n de una empresa, incluidos los miembros no ejecutivos;<\/span><br \/><span style=\"color: #000000;\">d. cualquier persona que trabaje para o bajo la supervisi\u00f3n y la direcci\u00f3n de contratistas,<\/span><br \/><span style=\"color: #000000;\">subcontratistas y proveedores.<\/span><br \/><span style=\"color: #000000;\">2. Informantes que comuniquen o revelen p\u00fablicamente informaci\u00f3n sobre infracciones obtenida<\/span><br \/><span style=\"color: #000000;\">en el marco de una relaci\u00f3n laboral o estatutaria ya finalizada, voluntarios, becarios,<\/span><br \/><span style=\"color: #000000;\">trabajadores en periodos de formaci\u00f3n con independencia de que perciban o no una<\/span><br \/><span style=\"color: #000000;\">remuneraci\u00f3n, as\u00ed como a aquellos cuya relaci\u00f3n laboral todav\u00eda no haya comenzado, en los<\/span><br \/><span style=\"color: #000000;\">casos en que la informaci\u00f3n sobre infracciones haya sido obtenida durante el proceso de<\/span><br \/><span style=\"color: #000000;\">selecci\u00f3n o de negociaci\u00f3n precontractual.<\/span><br \/><span style=\"color: #000000;\">3. Los representantes legales de las personas trabajadoras en el ejercicio de sus funciones de<\/span><br \/><span style=\"color: #000000;\">asesoramiento y apoyo al informante.<\/span><br \/><span style=\"color: #000000;\">4. Las medidas de protecci\u00f3n del informante se aplicar\u00e1n, en su caso, a:<\/span><br \/><span style=\"color: #000000;\">a. personas f\u00edsicas que, en el marco de la organizaci\u00f3n en la que preste servicios el<\/span><br \/><span style=\"color: #000000;\">informante, asistan al mismo en el proceso,<\/span><br \/><span style=\"color: #000000;\">b. personas f\u00edsicas que est\u00e9n relacionadas con el informante y que puedan sufrir<\/span><br \/><span style=\"color: #000000;\">represalias, como compa\u00f1eros de trabajo o familiares del informante, y<\/span><\/p><p><span style=\"color: #000000;\">c. personas jur\u00eddicas, para las que trabaje o con las que mantenga cualquier otro tipo de<\/span><br \/><span style=\"color: #000000;\">relaci\u00f3n en un contexto laboral o en las que ostente una participaci\u00f3n significativa. A<\/span><br \/><span style=\"color: #000000;\">estos efectos, se entiende que la participaci\u00f3n en el capital o en los derechos de voto<\/span><br \/><span style=\"color: #000000;\">correspondientes a acciones o participaciones es significativa cuando, por su<\/span><br \/><span style=\"color: #000000;\">proporci\u00f3n, permite a la persona que la posea tener capacidad de influencia en la<\/span><br \/><span style=\"color: #000000;\">persona jur\u00eddica participada.<\/span><br \/><span style=\"color: #000000;\">3. FORMAS DE INFORMAR PERMITIDAS<\/span><br \/><span style=\"color: #000000;\">PRUYMANN ha establecido, en consonancia con la Ley 2\/2023, las siguientes formas de informar:<\/span><br \/><span style=\"color: #000000;\">\u2022 Canales internos habilitados por el sistema<\/span><\/p><p><span style=\"color: #000000;\">o Canal p\u00fablico mediante la herramienta inform\u00e1tica on-line denominada \u201cOvet-<\/span><br \/><span style=\"color: #000000;\">Auki\u201d que se encuentra gestionado de manera externa.<\/span><\/p><p><span style=\"color: #000000;\">o Correo postal al domicilio social de la organizaci\u00f3n dirigida la persona<\/span><br \/><span style=\"color: #000000;\">Responsable del Sistema Interno de Informaci\u00f3n que se gestiona de manera<\/span><br \/><span style=\"color: #000000;\">interna.<\/span><\/p><p><span style=\"color: #000000;\">\u2022 Usando el canal externo por las autoridades competentes en materia de SII.<\/span><br \/><span style=\"color: #000000;\">o Canal externo habilitado por la Autoridad Independiente de Protecci\u00f3n al<\/span><br \/><span style=\"color: #000000;\">Informante.<\/span><br \/><span style=\"color: #000000;\">o Canal externo habilitado por la Oficina Antifraude de Catalu\u00f1a<\/span><br \/><span style=\"color: #000000;\">\u2022 A trav\u00e9s de revelaci\u00f3n p\u00fablica<\/span><\/p><p><span style=\"color: #000000;\">CANAL P\u00daBLICO<\/span><br \/><span style=\"color: #000000;\">PRUYMANN ha instaurado una herramienta inform\u00e1tica on-line, denominada \u201cOVET AUKI\u201d<\/span><br \/><span style=\"color: #000000;\">mediante la cual cualquier persona puede acceder a trav\u00e9s del siguiente enlace:<\/span><br \/><span style=\"color: #000000;\">https:\/\/www.ovetauki.com\/canal\/pruymannconsulting o accediendo a trav\u00e9s de la p\u00e1gina web<\/span><br \/><span style=\"color: #000000;\">corporativa.<\/span><br \/><span style=\"color: #000000;\">Este canal, cuya gesti\u00f3n est\u00e1 externalizada a los expertos de TARINAS VILADRICH ADVOCATS I<\/span><br \/><span style=\"color: #000000;\">PROCURADORS, SLP, permite tanto las comunicaciones an\u00f3nimas como las confidenciales, a<\/span><br \/><span style=\"color: #000000;\">elecci\u00f3n del informante.<\/span><br \/><span style=\"color: #000000;\">Funcionamiento y caracter\u00edsticas<\/span><br \/><span style=\"color: #000000;\">El acceso al canal de informaci\u00f3n se puede realizar desde cualquier dispositivo y a cualquier hora<\/span><br \/><span style=\"color: #000000;\">del d\u00eda, los 365 d\u00edas del a\u00f1o.<\/span><br \/><span style=\"color: #000000;\">El informante deber\u00e1 ir cumplimentando las distintas fases de confecci\u00f3n de la comunicaci\u00f3n,<\/span><br \/><span style=\"color: #000000;\">siguiendo las instrucciones dadas por la propia plataforma, y debiendo describir los hechos de la<\/span><br \/><span style=\"color: #000000;\">forma m\u00e1s detallada posible, asi como adjuntar todas las pruebas que se disponga, siempre con<\/span><br \/><span style=\"color: #000000;\">el objetivo de facilitar el posible posterior procedimiento de investigaci\u00f3n.<\/span><br \/><span style=\"color: #000000;\">Frente cualquier cuesti\u00f3n operativa se puede consultar el Manual de uso del canal de informaci\u00f3n<\/span><br \/><span style=\"color: #000000;\">OVET AUKI, adjunto como Anexo III del presente Protocolo.<\/span><\/p><p><span style=\"color: #000000;\">En la \u00faltima fase de la comunicaci\u00f3n la persona informante deber\u00e1 elegir si desea que la<\/span><br \/><span style=\"color: #000000;\">comunicaci\u00f3n tenga car\u00e1cter confidencial y, por lo tanto, que se conozca su identidad o, por el<\/span><br \/><span style=\"color: #000000;\">contrario que sea totalmente an\u00f3nimo. En el caso de que se elija la segunda opci\u00f3n, el informante<\/span><br \/><span style=\"color: #000000;\">deber\u00e1 conservar el c\u00f3digo de comunicaci\u00f3n generado para poder acceder con posterioridad a la<\/span><br \/><span style=\"color: #000000;\">plataforma OVET AUKI y as\u00ed poder consultar el estado de esta, ponerse en contacto con los<\/span><br \/><span style=\"color: #000000;\">gestores del canal o con la organizaci\u00f3n y dem\u00e1s actuaciones relacionadas.<\/span><br \/><span style=\"color: #000000;\">En caso de dudas o incidencias, la persona informante puede dirigirse directamente a los t\u00e9cnicos<\/span><br \/><span style=\"color: #000000;\">de la plataforma mediante el correo electr\u00f3nico soporte@ovetauki.com<\/span><\/p><p><span style=\"color: #000000;\">CORREO POSTAL<\/span><br \/><span style=\"color: #000000;\">Se podr\u00e1n enviar comunicaciones por escrito a trav\u00e9s del correo postal a la siguiente direcci\u00f3n:<\/span><\/p><p><span style=\"color: #000000;\">PRUYMANN<\/span><\/p><p><span style=\"color: #000000;\">A la atenci\u00f3n de la Sra. Mireia Bergad\u00e0<\/span><br \/><span style=\"color: #000000;\">(Responsable del Sistema Interno de Informaci\u00f3n)<\/span><br \/><span style=\"color: #000000;\">Avda. de Torreblanca 57, B-19 \u2013 08172 \u2013 Sant Cugat del Vall\u00e9s<\/span><\/p><p><span style=\"color: #000000;\">Todas las comunicaciones recibidas por correo postal se tratar\u00e1n garantizando los derechos del<\/span><br \/><span style=\"color: #000000;\">informante y la confidencialidad, en el caso de proporcionar una v\u00eda de comunicaci\u00f3n con el<\/span><br \/><span style=\"color: #000000;\">informante se utilizar\u00e1 para notificar el curso de la comunicaci\u00f3n o para cualquier otro tr\u00e1mite o<\/span><br \/><span style=\"color: #000000;\">cuesti\u00f3n necesaria.<\/span><br \/><span style=\"color: #000000;\">En caso de tratarse de una comunicaci\u00f3n contra la persona Responsable del Sistema Interno de<\/span><br \/><span style=\"color: #000000;\">Informaci\u00f3n o que debido a su contenido pudiese dar lugar a un conflicto de inter\u00e9s de dicha<\/span><br \/><span style=\"color: #000000;\">persona, se deber\u00e1 enviar a la misma direcci\u00f3n postal, pero a la atenci\u00f3n de la persona designada<\/span><br \/><span style=\"color: #000000;\">como suplente.<\/span><\/p><p><span style=\"color: #000000;\">CANAL EXTERNO<\/span><br \/><span style=\"color: #000000;\">Cualquier persona f\u00edsica podr\u00e1 informar ante la Autoridad Independiente de Protecci\u00f3n al<\/span><br \/><span style=\"color: #000000;\">Informante competente dando uso del canal externo habilitado para la comunicaci\u00f3n de<\/span><br \/><span style=\"color: #000000;\">denuncias.<\/span><br \/><span style=\"color: #000000;\">A la fecha de aprobaci\u00f3n de la presente versi\u00f3n del Sistema Interno de Informaci\u00f3n (V.2026.1) no<\/span><br \/><span style=\"color: #000000;\">se encuentra regulado c\u00f3mo debe realizarse tal comunicaci\u00f3n para la entidad estatal, por lo que<\/span><br \/><span style=\"color: #000000;\">PRUYMANN se compromete a modificar el presente Anexo tan pronto como se regule la figura<\/span><br \/><span style=\"color: #000000;\">del A.A.I., acomod\u00e1ndolo al procedimiento estatal que se establezca al respecto.<\/span><br \/><span style=\"color: #000000;\">Asimismo, en Catalu\u00f1a el organismo dotado de competencia para actuar de canal externo es la<\/span><br \/><span style=\"color: #000000;\">Oficina Antifraude de Catalu\u00f1a, por lo que se puede dar uso de este a trav\u00e9s del siguiente enlace:<\/span><br \/><span style=\"color: #000000;\">https:\/\/denunciesanonimes.antifrau.cat\/#\/?lang=es<\/span><\/p><p><span style=\"color: #000000;\">REVELACI\u00d3N P\u00daBLICA<\/span><br \/><span style=\"color: #000000;\">Se entender\u00e1 revelaci\u00f3n p\u00fablica la puesta a disposici\u00f3n del p\u00fablico de informaci\u00f3n sobre acciones<\/span><br \/><span style=\"color: #000000;\">u omisiones previstas en el art\u00edculo 2 de la Ley 2\/2023.<\/span><br \/><span style=\"color: #000000;\">Se proteger\u00e1 a las personas siempre cuando cumpla alguna de las siguientes condiciones:<\/span><br \/><span style=\"color: #000000;\">a) Que previamente a la revelaci\u00f3n p\u00fablica haya realizado una comunicaci\u00f3n mediante los<\/span><br \/><span style=\"color: #000000;\">canales anteriores (interno, p\u00fablico y\/o externo), sin medidas apropiadas en el plazo<\/span><br \/><span style=\"color: #000000;\">m\u00e1ximo establecido (3 meses).<\/span><br \/><span style=\"color: #000000;\">b) Que haya motivos razonables para pensar que, o bien la infracci\u00f3n puede constituir un<\/span><br \/><span style=\"color: #000000;\">peligro inminente o manifiesto por el inter\u00e9s p\u00fablico, en particular cuando se d\u00e9 una<\/span><br \/><span style=\"color: #000000;\">situaci\u00f3n de emergencia, o exista un riesgo de da\u00f1os irreversibles, incluido un peligro para<\/span><br \/><span style=\"color: #000000;\">la integridad f\u00edsica de una persona; o bien, en caso de comunicaci\u00f3n a trav\u00e9s del canal<\/span><br \/><span style=\"color: #000000;\">externo de informaci\u00f3n, exista riesgo de represalias o haya pocas probabilidades de que<\/span><br \/><span style=\"color: #000000;\">se d\u00e9 un tratamiento afectivo a la informaci\u00f3n debido a las circunstancias particulares del<\/span><br \/><span style=\"color: #000000;\">caso, tales como la ocultaci\u00f3n destrucci\u00f3n de pruebas, la connivencia de una autoridad<\/span><br \/><span style=\"color: #000000;\">con el autor de a infracci\u00f3n, o que est\u00e9 implicada en la infracci\u00f3n.<\/span><br \/><span style=\"color: #000000;\">Las condiciones para acogerse a la protecci\u00f3n prevista en el apartado anterior no son exigibles<\/span><br \/><span style=\"color: #000000;\">cuando la persona haya revelado informaci\u00f3n directamente a la prensa de acuerdo con el ejercicio<\/span><br \/><span style=\"color: #000000;\">de la libertad de expresi\u00f3n y de informaci\u00f3n veraz previstas constitucionalmente y en la legislaci\u00f3n<\/span><br \/><span style=\"color: #000000;\">de desarrollo.<\/span><\/p><p><span style=\"color: #000000;\">4. TRATAMIENTO DE LA COMUNICACI\u00d3N<\/span><br \/><span style=\"color: #000000;\">El presente apartado aplica a las comunicaciones recibidas en la organizaci\u00f3n.<\/span><br \/><span style=\"color: #000000;\">El procedimiento de investigaci\u00f3n de las comunicaciones recibidas en la Autoridad Independiente<\/span><br \/><span style=\"color: #000000;\">de Protecci\u00f3n al Informante y la Oficina Antifraude de Catalu\u00f1a queda supeditado al Estatuto de<\/span><br \/><span style=\"color: #000000;\">las citadas autoridades.<\/span><br \/><span style=\"color: #000000;\">Contenido m\u00ednimo de la comunicaci\u00f3n<\/span><br \/><span style=\"color: #000000;\">El informante tiene el deber de proporcionar toda la informaci\u00f3n lo m\u00e1s detallada posible, as\u00ed<\/span><br \/><span style=\"color: #000000;\">como de proporcionar todos los datos y pruebas que disponga, con el fin de facilitar el posible<\/span><br \/><span style=\"color: #000000;\">procedimiento de investigaci\u00f3n posterior. Asimismo, a fin de poder llevar a cabo dicho<\/span><br \/><span style=\"color: #000000;\">procedimiento de investigaci\u00f3n, se exige que la comunicaci\u00f3n disponga de, como m\u00ednimo, la<\/span><br \/><span style=\"color: #000000;\">siguiente informaci\u00f3n:<\/span><br \/><span style=\"color: #000000;\">&#8211; Descripci\u00f3n de los hechos.<\/span><br \/><span style=\"color: #000000;\">&#8211; Los indicios sobre los que se basa la sospecha del informante.<\/span><br \/><span style=\"color: #000000;\">&#8211; Si se conoce, la identidad de la\/s persona\/s que ha\/n realizado los hechos, o de aquellas<\/span><br \/><span style=\"color: #000000;\">personas que hayan podido encubrirlo.<\/span><br \/><span style=\"color: #000000;\">&#8211; Si se conoce, lugar donde han ocurrido los hechos.<\/span><\/p><p><span style=\"color: #000000;\">&#8211; Fecha de cuando ha tenido conocimiento de los hechos, o desde cuando est\u00e1 teniendo<\/span><br \/><span style=\"color: #000000;\">conocimiento el informante.<\/span><br \/><span style=\"color: #000000;\">&#8211; C\u00f3mo ha conocido los hechos el informante (si lo ha presenciado personalmente, a trav\u00e9s de<\/span><br \/><span style=\"color: #000000;\">terceros, mediante pruebas documentales, etc.).<\/span><\/p><p><span style=\"color: #000000;\">Procedimiento de recepci\u00f3n, seguimiento e investigaci\u00f3n de la comunicaci\u00f3n.<\/span><br \/><span style=\"color: #000000;\">Acuse de recibo o justificante de recepci\u00f3n<\/span><br \/><span style=\"color: #000000;\">El informante deber\u00e1 recibir el acuse de recibo o justificante de recepci\u00f3n de la comunicaci\u00f3n en<\/span><br \/><span style=\"color: #000000;\">el plazo m\u00e1ximo de 7 d\u00edas naturales desde su env\u00edo.<\/span><br \/><span style=\"color: #000000;\">Lo anterior, aplica en todos los casos de las comunicaciones realizadas a trav\u00e9s de la plataforma<\/span><br \/><span style=\"color: #000000;\">OVET AUKI y, en los dem\u00e1s casos, en aquellas comunicaciones en las que el informante haya<\/span><br \/><span style=\"color: #000000;\">proporcionado un m\u00e9todo de contacto.<\/span><br \/><span style=\"color: #000000;\">Filtraje de las comunicaciones recibidas<\/span><br \/><span style=\"color: #000000;\">Los gestores externos del canal de informaci\u00f3n ser\u00e1n los encargados de realizas el primer filtraje<\/span><br \/><span style=\"color: #000000;\">de la comunicaci\u00f3n recibida a trav\u00e9s de Ovet Auki, con el fin de valorar si (i) el informante se<\/span><br \/><span style=\"color: #000000;\">encuentra dentro del \u00e1mbito personal del Sistema Interno de Informaci\u00f3n de PRUYMANN y (ii) si<\/span><br \/><span style=\"color: #000000;\">la comunicaci\u00f3n se encuentra dentro del \u00e1mbito material del citado Sistema. En el caso de las<\/span><br \/><span style=\"color: #000000;\">comunicaciones an\u00f3nimas, solamente se filtrar\u00e1 teniendo en cuenta el \u00e1mbito material, al hacerse<\/span><br \/><span style=\"color: #000000;\">imposible la identificaci\u00f3n del informante.<\/span><br \/><span style=\"color: #000000;\">En el caso del resto de comunicaciones recibidas por las otras v\u00edas distintas al canal p\u00fablico ser\u00e1<\/span><br \/><span style=\"color: #000000;\">la propia organizaci\u00f3n quien realice el filtraje, pudiendo pedir asesoramiento a expertos en la<\/span><br \/><span style=\"color: #000000;\">materia para determinar la admisi\u00f3n o no de la comunicaci\u00f3n.<\/span><br \/><span style=\"color: #000000;\">Una vez realizado el primer filtraje, se proceder\u00e1 a:<\/span><br \/><span style=\"color: #000000;\">a) En el caso de NO encontrarse dentro del \u00e1mbito personal y\/o material del SII, se archivar\u00e1<\/span><br \/><span style=\"color: #000000;\">la comunicaci\u00f3n recibida, se generar\u00e1 un informe que justifique el motivo por el cual se<\/span><br \/><span style=\"color: #000000;\">ha procedido al archivo, y se notificar\u00e1 al informante, proporcion\u00e1ndole una copia del<\/span><br \/><span style=\"color: #000000;\">informe justificativo en cuesti\u00f3n.<\/span><br \/><span style=\"color: #000000;\">b) En el caso de S\u00cd encontrarse dentro del \u00e1mbito personal y\/o material del SII, se proceder\u00e1<\/span><br \/><span style=\"color: #000000;\">a comprobar si la comunicaci\u00f3n cuenta con el contenido m\u00ednimo antes mencionado. En<\/span><br \/><span style=\"color: #000000;\">el caso que falte informaci\u00f3n para proseguir, se proceder\u00e1 a ponerse en contacto con el<\/span><br \/><span style=\"color: #000000;\">informante con el objetivo de que, en un plazo m\u00e1ximo de 15 d\u00edas, proporcione la<\/span><br \/><span style=\"color: #000000;\">informaci\u00f3n faltante.<\/span><br \/><span style=\"color: #000000;\">i. En el caso que el informante no proporcione la informaci\u00f3n faltante, se podr\u00e1<\/span><br \/><span style=\"color: #000000;\">proceder al archivo de la comunicaci\u00f3n y a la correspondiente notificaci\u00f3n y<\/span><br \/><span style=\"color: #000000;\">entrega del informe justificativo de archivo, sin perjuicio que el informante pueda<\/span><br \/><span style=\"color: #000000;\">realizar una nueva comunicaci\u00f3n sobre el mismo hecho.<\/span><br \/><span style=\"color: #000000;\">ii. En el caso que el informante haya utilizado un m\u00e9todo distinto al portal OVET<\/span><br \/><span style=\"color: #000000;\">AUKI y no haya proporcionado un m\u00e9todo de contacto, se proceder\u00e1 a la<\/span><br \/><span style=\"color: #000000;\">incoaci\u00f3n del procedimiento de investigaci\u00f3n, dejando constancia de lo sucedido\u00a0<\/span><span style=\"color: #000000; font-style: inherit; font-weight: inherit;\">y del posible archivo de la comunicaci\u00f3n por no contar con informaci\u00f3n suficiente\u00a0<\/span><span style=\"color: #000000; font-style: inherit; font-weight: inherit;\">para llevar a cabo un proceso de investigaci\u00f3n con todas las garant\u00edas.<\/span><\/p><p><span style=\"color: #000000;\">d) En el caso de S\u00cd encontrarse dentro del \u00e1mbito personal y\/o material del SII y de que la<\/span><br \/><span style=\"color: #000000;\">comunicaci\u00f3n cuente con el contenido m\u00ednimo exigido, se tendr\u00e1 que comprobar que los<\/span><br \/><span style=\"color: #000000;\">hechos descritos en el contenido de la comunicaci\u00f3n no se encuentren siendo ya<\/span><br \/><span style=\"color: #000000;\">investigados o que ya hayan sido investigados, y que el informante no aporte pruebas o<\/span><br \/><span style=\"color: #000000;\">informaci\u00f3n nueva que motiven la incoaci\u00f3n de un nuevo procedimiento de investigaci\u00f3n:<\/span><br \/><span style=\"color: #000000;\">i. En el caso que los hechos ya hayan sido investigados o est\u00e9n siendo investigados,<\/span><br \/><span style=\"color: #000000;\">y el informante NO aporte pruebas o informaci\u00f3n nueva, se proceder\u00e1 al archivo<\/span><br \/><span style=\"color: #000000;\">de la comunicaci\u00f3n con informe justificativo que lo motive.<\/span><br \/><span style=\"color: #000000;\">ii. En el caso que los hechos ya hayan sido investigados o est\u00e9n siendo investigados,<\/span><br \/><span style=\"color: #000000;\">y el informante S\u00cd aporte pruebas o informaci\u00f3n nueva, se proceder\u00e1 a la<\/span><br \/><span style=\"color: #000000;\">incoaci\u00f3n de un nuevo procedimiento de investigaci\u00f3n, que se llevar\u00e1 a cabo<\/span><br \/><span style=\"color: #000000;\">junto con la informaci\u00f3n y\/o procedimiento de investigaci\u00f3n que se haya llevado<\/span><br \/><span style=\"color: #000000;\">o se est\u00e9 llevando a cabo por los mismos hechos descritos en la comunicaci\u00f3n.<\/span><br \/><span style=\"color: #000000;\">iii. En el caso que los hechos no hayan sido nunca investigados, se proceder\u00e1 a la<\/span><br \/><span style=\"color: #000000;\">incoaci\u00f3n del procedimiento de investigaci\u00f3n.<\/span><\/p><p><span style=\"color: #000000;\">e) En el caso de S\u00cd encontrarse dentro del \u00e1mbito personal y\/o material del SII y que la<\/span><br \/><span style=\"color: #000000;\">comunicaci\u00f3n cuente con el contenido m\u00ednimo exigido, y no se trate de una causa que ya<\/span><br \/><span style=\"color: #000000;\">ha sido o est\u00e1 siendo investigada, los gestores externos del canal, en el caso de la<\/span><br \/><span style=\"color: #000000;\">plataforma OVET AUKI, remitir\u00e1n la comunicaci\u00f3n recibida al Responsable del SII para que<\/span><br \/><span style=\"color: #000000;\">\u00e9ste proceda, a la mayor brevedad posible, a incoar el correspondiente procedimiento de<\/span><br \/><span style=\"color: #000000;\">investigaci\u00f3n. En el caso de haber recibido la comunicaci\u00f3n por otros medios, la<\/span><br \/><span style=\"color: #000000;\">comunicaci\u00f3n es recibida desde un primer momento por el propio Responsable del SII.<\/span><\/p><p><span style=\"color: #000000;\">Procedimiento de investigaci\u00f3n<\/span><br \/><span style=\"color: #000000;\">Incoaci\u00f3n del expediente<\/span><br \/><span style=\"color: #000000;\">La persona que debe proceder a la incoaci\u00f3n del procedimiento de investigaci\u00f3n es el Responsable<\/span><br \/><span style=\"color: #000000;\">del SII, mediante Acta de inicio del procedimiento de investigaci\u00f3n, en la que se deber\u00e1 adjuntar<\/span><br \/><span style=\"color: #000000;\">la informaci\u00f3n contenida en la comunicaci\u00f3n recibida. En la misma Acta, se deber\u00e1 detallar los<\/span><br \/><span style=\"color: #000000;\">motivos por los cuales se admite la comunicaci\u00f3n a tr\u00e1mite, y el nivel de verosimilitud que<\/span><br \/><span style=\"color: #000000;\">desprende, as\u00ed como si se considera que se ha realizado, o no, de buena fe.<\/span><br \/><span style=\"color: #000000;\">Asimismo, se deber\u00e1 analizar la capacidad propia del Responsable del SII para llevar a cabo el<\/span><br \/><span style=\"color: #000000;\">procedimiento de investigaci\u00f3n o, en su caso, la necesidad de contar con otras personas de la<\/span><br \/><span style=\"color: #000000;\">organizaci\u00f3n o con personas externas expertas, siempre siguiendo el procedimiento que se<\/span><br \/><span style=\"color: #000000;\">especifica m\u00e1s adelante en este protocolo, y respetando todas las garant\u00edas y la confidencialidad<\/span><br \/><span style=\"color: #000000;\">m\u00e1xima de la comunicaci\u00f3n recibida y del informante. De igual forma, en caso de ser necesario,<\/span><br \/><span style=\"color: #000000;\">la persona Responsable del SII puede designar a una persona instructora del procedimiento de<\/span><br \/><span style=\"color: #000000;\">investigaci\u00f3n distinto a ella, ya sea de la propia organizaci\u00f3n o un externo, siempre respetando las<\/span><br \/><span style=\"color: #000000;\">garant\u00edas y la confidencialidad.<\/span><br \/><span style=\"color: #000000;\">Por otro lado, se deber\u00e1n establecer los procedimientos de investigaci\u00f3n que permitan la<\/span><br \/><span style=\"color: #000000;\">preservaci\u00f3n de pruebas y el respeto a los derechos de los trabajadores. Estas actuaciones pueden<\/span><\/p><p><span style=\"color: #000000;\">incluir entrevistas de \u00edndole personal con departamentos espec\u00edficos de la organizaci\u00f3n o<\/span><br \/><span style=\"color: #000000;\">personas implicadas en los hechos comunicados. Tambi\u00e9n se podr\u00e1 requerir de un profesional<\/span><br \/><span style=\"color: #000000;\">para peritar los da\u00f1os y el delito, siguiendo el procedimiento de invitaci\u00f3n de externos que se<\/span><br \/><span style=\"color: #000000;\">describe m\u00e1s adelante.<\/span><br \/><span style=\"color: #000000;\">Del mismo modo, se deber\u00e1 establecer los departamentos o \u00e1reas que deber\u00e1n estar informados<\/span><br \/><span style=\"color: #000000;\">de la presente investigaci\u00f3n y a qu\u00e9 nivel jer\u00e1rquico, dependiendo de: (i) el nivel jer\u00e1rquico y<\/span><br \/><span style=\"color: #000000;\">n\u00famero de posibles personas implicadas y (ii) a necesidad de involucrar a otros departamentos.<\/span><br \/><span style=\"color: #000000;\">Finalmente, se deber\u00e1 valorar la necesidad de informar al \u00f3rgano de gobierno de la organizaci\u00f3n<\/span><br \/><span style=\"color: #000000;\">sobre la investigaci\u00f3n realizada, dependiendo si \u00e9ste puede verse involucrado en el proceso o<\/span><br \/><span style=\"color: #000000;\">poder llevar posibles represalias que, en todo caso, se deben evitar.<\/span><br \/><span style=\"color: #000000;\">Plazo m\u00e1ximo de resoluci\u00f3n<\/span><br \/><span style=\"color: #000000;\">El plazo m\u00e1ximo de resoluci\u00f3n del procedimiento de investigaci\u00f3n, contando a partir de la<\/span><br \/><span style=\"color: #000000;\">notificaci\u00f3n de recepci\u00f3n de la comunicaci\u00f3n, son los siguientes:<\/span><br \/><span style=\"color: #000000;\">&#8211; Para las comunicaciones recibidas en materia de la protecci\u00f3n de los derechos de la Uni\u00f3n<\/span><br \/><span style=\"color: #000000;\">Europea (Ley 2\/2023): 90 d\u00edas naturales.1<\/span><br \/><span style=\"color: #000000;\">&#8211; Para las comunicaciones recibidas en materia de Prevenci\u00f3n del Blanqueo de Capitales y de<\/span><br \/><span style=\"color: #000000;\">la Financiaci\u00f3n del Terrorismo (Ley 10\/2010): 90 d\u00edas naturales.1<\/span><br \/><span style=\"color: #000000;\">&#8211; Para las comunicaciones recibidas en materia de acoso sexual o por raz\u00f3n de sexo (Ley<\/span><br \/><span style=\"color: #000000;\">Org\u00e1nica 3\/2007, para la igualdad efectiva de mujeres y hombres: Aplica el plazo determinado<\/span><br \/><span style=\"color: #000000;\">en el Protocolo de prevenci\u00f3n y actuaci\u00f3n frente al acoso sexual y por raz\u00f3n de sexo en el<\/span><br \/><span style=\"color: #000000;\">\u00e1mbito laboral.<\/span><br \/><span style=\"color: #000000;\">Invitaci\u00f3n de personas externas al procedimiento de investigaci\u00f3n<\/span><br \/><span style=\"color: #000000;\">Como se ha comentado anteriormente, la persona Responsable del SII deber\u00e1 analizar la<\/span><br \/><span style=\"color: #000000;\">comunicaci\u00f3n recibida y justificar si se deben invitar personas externas al procedimiento de<\/span><br \/><span style=\"color: #000000;\">investigaci\u00f3n para asegurar su \u00e9xito. Alguno de los motivos por los que se pueden invitar a<\/span><br \/><span style=\"color: #000000;\">personas externas, pueden ser:<\/span><br \/><span style=\"color: #000000;\">&#8211; Falta de conocimientos espec\u00edficos o t\u00e9cnicos sobre los hechos comunicados.<\/span><br \/><span style=\"color: #000000;\">&#8211; Posible conflicto de inter\u00e9s por parte del Responsable del SII.<\/span><br \/><span style=\"color: #000000;\">&#8211; Estrategia en el momento de recopilar pruebas para la investigaci\u00f3n, por ejemplo, en el<\/span><br \/><span style=\"color: #000000;\">momento de realizar entrevistas al personal es posible que una persona externa pueda<\/span><br \/><span style=\"color: #000000;\">obtener m\u00e1s informaci\u00f3n que una interna.<\/span><br \/><span style=\"color: #000000;\">Para invitar a personas externas al procedimiento de investigaci\u00f3n, la persona Responsable del SII<\/span><br \/><span style=\"color: #000000;\">deber\u00e1 levantar Acta justificando los motivos, y la\/s persona\/s externa\/s deber\u00e1n firmar la<\/span><br \/><span style=\"color: #000000;\">declaraci\u00f3n de ausencia de conflictos de intereses \u2013 adjunta al presente protocolo como Anexo I<\/span><br \/><span style=\"color: #000000;\">\u2013 y el correspondiente acuerdo de confidencialidad \u2013 adjunto al presente protocolo como Anexo<\/span><br \/><span style=\"color: #000000;\">II \u2013.<\/span><br \/><span style=\"color: #000000;\">Resoluci\u00f3n del expediente y notificaci\u00f3n<\/span><\/p><p><span style=\"color: #000000;\">1<\/span><br \/><span style=\"color: #000000;\">Solamente en aquellos casos en que se pueda justificar, de forma expresa, por escrito y de forma motivada,<\/span><br \/><span style=\"color: #000000;\">la complejidad de la investigaci\u00f3n, se podr\u00e1 extender el plazo por 90 d\u00edas naturales m\u00e1s.<\/span><\/p><p><span style=\"color: #000000;\">Finalizado el procedimiento de investigaci\u00f3n, el Responsable del SII deber\u00e1:<\/span><br \/><span style=\"color: #000000;\">1. Realizar un informe del procedimiento de investigaci\u00f3n llevado a cabo, desarrollando<\/span><br \/><span style=\"color: #000000;\">todas las fases y las pruebas recopiladas, as\u00ed como los posibles incidentes que hayan<\/span><br \/><span style=\"color: #000000;\">podido haber y su resoluci\u00f3n.<\/span><br \/><span style=\"color: #000000;\">2. Levantar Acta de cierre del procedimiento de investigaci\u00f3n, especificando la resoluci\u00f3n<\/span><br \/><span style=\"color: #000000;\">tomada.<\/span><br \/><span style=\"color: #000000;\">Las posibles resoluciones que puede tener el procedimiento de investigaci\u00f3n son las siguientes:<\/span><br \/><span style=\"color: #000000;\">a) Archivo de la comunicaci\u00f3n.<\/span><br \/><span style=\"color: #000000;\">Se puede dar el archivo de la comunicaci\u00f3n, despu\u00e9s de haber realizado el procedimiento<\/span><br \/><span style=\"color: #000000;\">de investigaci\u00f3n, por numerosos motivos, por ejemplo:<\/span><br \/><span style=\"color: #000000;\">\u25aa No contar con suficiente informaci\u00f3n o pruebas para seguir investigando.<\/span><br \/><span style=\"color: #000000;\">\u25aa Necesitar la colaboraci\u00f3n del informante para poder llevar a cabo la investigaci\u00f3n<\/span><br \/><span style=\"color: #000000;\">y que \u00e9ste se niegue.<\/span><br \/><span style=\"color: #000000;\">\u25aa Que el resultado de la investigaci\u00f3n sea que los hechos descritos realmente no<\/span><br \/><span style=\"color: #000000;\">sucedieron, o que no se trate de una conducta contraria a las normas o legislaci\u00f3n<\/span><br \/><span style=\"color: #000000;\">vigente, o a las pol\u00edticas implementadas en la organizaci\u00f3n.<\/span><br \/><span style=\"color: #000000;\">b) Elevaci\u00f3n de la comunicaci\u00f3n a la autoridad competente.<\/span><br \/><span style=\"color: #000000;\">En aquellos casos en que se haya podido comprobar que se trata de hechos, veros\u00edmiles,<\/span><br \/><span style=\"color: #000000;\">que puedan constituir cualquier clase de delito tipificado en el C\u00f3digo Penal espa\u00f1ol<\/span><br \/><span style=\"color: #000000;\">vigente, se deber\u00e1 elevar la comunicaci\u00f3n de forma inmediata al Ministerio Fiscal.<\/span><br \/><span style=\"color: #000000;\">De igual forma, en aquellos casos en que la persona Responsable del SII lo considere<\/span><br \/><span style=\"color: #000000;\">pertinente, deber\u00e1 elevar la comunicaci\u00f3n a la autoridad competente.<\/span><br \/><span style=\"color: #000000;\">c) Resoluci\u00f3n interna de la comunicaci\u00f3n, con o sin sanci\u00f3n.<\/span><br \/><span style=\"color: #000000;\">En aquellos casos en que se pruebe que los hechos de la comunicaci\u00f3n efectivamente<\/span><br \/><span style=\"color: #000000;\">han ocurrido, se deber\u00e1 aplicar soluci\u00f3n. Puede ser que no sean constitutivos de actos<\/span><br \/><span style=\"color: #000000;\">il\u00edcitos o que se trate de conductas leves, procediendo a su resoluci\u00f3n inmediata. En el<\/span><br \/><span style=\"color: #000000;\">caso de que no se pueda aplicar una resoluci\u00f3n inmediata, se deber\u00e1 planificar la misma,<\/span><br \/><span style=\"color: #000000;\">determinando un plazo concreto para ello y desarrollando la soluci\u00f3n que se aplicar\u00e1. De<\/span><br \/><span style=\"color: #000000;\">igual forma, se deber\u00e1 valorar la posible sanci\u00f3n a la\/s persona\/s que hayan realizado los<\/span><br \/><span style=\"color: #000000;\">hechos objeto de sanci\u00f3n, todo ello de forma motivada y expresa.<\/span><\/p><p><span style=\"color: #000000;\">5. DERECHOS Y OBLIGACIONES<\/span><br \/><span style=\"color: #000000;\">Se deber\u00e1 informar de buena fe y se garantizar\u00e1 que el informante no sea objeto de represalias.<\/span><br \/><span style=\"color: #000000;\">Asimismo, con la finalidad de asegurar que ninguna persona que informe de buena fe un hecho<\/span><br \/><span style=\"color: #000000;\">presuntamente il\u00edcito sea objeto de represalias, todas las comunicaciones ir\u00e1n siempre dirigidas<\/span><br \/><span style=\"color: #000000;\">al Responsable del Sistema. No obstante, en caso de que la persona objeto de la comunicaci\u00f3n<\/span><\/p><p><span style=\"color: #000000;\">sea la propio Responsable del Sistema, la comunicaci\u00f3n se podr\u00e1 dirigir a la persona sustituta ,<\/span><br \/><span style=\"color: #000000;\">quien asumir\u00e1 el rol de Responsable del SII solamente por lo que refiere al procedimiento de<\/span><br \/><span style=\"color: #000000;\">investigaci\u00f3n de la comunicaci\u00f3n en cuesti\u00f3n, debiendo respetar todo lo establecido en el<\/span><br \/><span style=\"color: #000000;\">presente protocolo.<\/span><br \/><span style=\"color: #000000;\">La identidad del informante permanecer\u00e1 an\u00f3nima o confidencial, a elecci\u00f3n del informante, o a<\/span><br \/><span style=\"color: #000000;\">excepci\u00f3n de consentimiento por parte de este para dar a conocer su identidad. Asimismo, la<\/span><br \/><span style=\"color: #000000;\">identidad del informante, en todo caso, se tratar\u00e1 de forma confidencial. En este sentido, la<\/span><br \/><span style=\"color: #000000;\">persona Responsable del Sistema no facilitar\u00e1 la identidad del informante bajo ning\u00fan concepto<\/span><br \/><span style=\"color: #000000;\">exceptuando \u2013 en caso absolutamente imprescindible \u2013 a las personas externas (o internas) que<\/span><br \/><span style=\"color: #000000;\">puedan formar parte del procedimiento de investigaci\u00f3n debiendo, previamente, firmar el<\/span><br \/><span style=\"color: #000000;\">correspondiente acuerdo de confidencialidad anexo al presente protocolo.<\/span><br \/><span style=\"color: #000000;\">Asimismo, la identidad del informante solo podr\u00e1 ser revelada por requerimiento judicial,<\/span><br \/><span style=\"color: #000000;\">proporcionando la identidad al Juez, Fiscal, Polic\u00eda o autoridad administrativa competente para<\/span><br \/><span style=\"color: #000000;\">que traslade el resultado de la investigaci\u00f3n realizada.<\/span><br \/><span style=\"color: #000000;\">La\/s persona\/s objeto de la comunicaci\u00f3n recibida \u2013 es decir, la\/s persona\/s a la\/s que se le\/s<\/span><br \/><span style=\"color: #000000;\">atribuye los hechos descritos en la comunicaci\u00f3n \u2013 podr\u00e1\/n ejercer el derecho de acceso, no<\/span><br \/><span style=\"color: #000000;\">estando incluido en el citado derecho la revelaci\u00f3n de datos de identificaci\u00f3n del informante.<\/span><br \/><span style=\"color: #000000;\">No se sancionar\u00e1 ni se tomar\u00e1 represalias contra una persona por formular una comunicaci\u00f3n,<\/span><br \/><span style=\"color: #000000;\">siempre que se haya realizado de buena fe.<\/span><\/p><p><span style=\"color: #000000;\">6. PROTECCI\u00d3N DE DATOS DE CAR\u00c1CTER PERSONAL<\/span><br \/><span style=\"color: #000000;\">La Ley 2\/2023, en su T\u00edtulo VI, establece las directrices del tratamiento de los datos latos<\/span><br \/><span style=\"color: #000000;\">personales que se derivan de la aplicaci\u00f3n de Ley 2\/2023, siendo que dicho tratamiento de los<\/span><br \/><span style=\"color: #000000;\">datos se regir\u00e1 por lo dispuesto en el Reglamento (UE) 2016\/679 del Parlamento Europeo y del<\/span><br \/><span style=\"color: #000000;\">Consejo, de 27 de abril de 2016, en la Ley Org\u00e1nica 3\/2018, de 5 de diciembre, de Protecci\u00f3n de<\/span><br \/><span style=\"color: #000000;\">Datos Personales y garant\u00eda de los derechos digitales, en la Ley Org\u00e1nica 7\/2021, de 26 de mayo,<\/span><br \/><span style=\"color: #000000;\">de protecci\u00f3n de datos personales tratados para fines de prevenci\u00f3n, detecci\u00f3n, investigaci\u00f3n y<\/span><br \/><span style=\"color: #000000;\">enjuiciamiento de infracciones penales y de ejecuci\u00f3n de sanciones penales. Esto es: informar<\/span><br \/><span style=\"color: #000000;\">sobre el tratamiento de los datos y el ejercicio de derechos, la licitud del tratamiento, Asimismo,<\/span><br \/><span style=\"color: #000000;\">nadie obtendr\u00e1 datos que permita identificar al informante y se deber\u00e1 contar con las medidas<\/span><br \/><span style=\"color: #000000;\">t\u00e9cnicas y organizativas necesarias para preservar la identidad y garantizar la confidencialidad y\/o<\/span><br \/><span style=\"color: #000000;\">anonimato, en su caso, de los datos de las personas afectadas.<\/span><br \/><span style=\"color: #000000;\">Por otro lado, en el art\u00edculo 32 se recoge el tratamiento de datos personales en el Sistema Interno<\/span><br \/><span style=\"color: #000000;\">de Informaci\u00f3n, concretamente hay que tener en cuenta que el acceso a los datos del Sistema<\/span><br \/><span style=\"color: #000000;\">Interno de Informaci\u00f3n queda limitado seg\u00fan las responsabilidades y competencias a:<\/span><br \/><span style=\"color: #000000;\">a. El Responsable del Sistema y a quien lo gestione directamente.<\/span><br \/><span style=\"color: #000000;\">b. El responsable de recursos humanos o el \u00f3rgano competente debidamente designado,<\/span><br \/><span style=\"color: #000000;\">solo cuando pudiera proceder la adopci\u00f3n de medidas disciplinarias contra un trabajador.<\/span><br \/><span style=\"color: #000000;\">En el caso de los empleados p\u00fablicos, el \u00f3rgano competente para la tramitaci\u00f3n de este.<\/span><\/p><p><span style=\"color: #000000;\">c. El responsable de los servicios jur\u00eddicos de la entidad u organismo, si procediera la<\/span><br \/><span style=\"color: #000000;\">adopci\u00f3n de medidas legales en relaci\u00f3n con los hechos relatados en la comunicaci\u00f3n.<\/span><br \/><span style=\"color: #000000;\">d. Los encargados del tratamiento que eventualmente se designen.<\/span><br \/><span style=\"color: #000000;\">e. El delegado de protecci\u00f3n de datos.<\/span><br \/><span style=\"color: #000000;\">Finalmente, se deber\u00e1 incluir en el Registro de Actividad de Tratamiento conforme lo establecido<\/span><br \/><span style=\"color: #000000;\">en el art\u00edculo 30 de la RGPD.<\/span><\/p><p><span style=\"color: #000000;\">Responsable del Tratamiento:<\/span><br \/><span style=\"color: #000000;\">DENOMINACI\u00d3N SOCIAL: PRUYMANN CONSULTING SL<\/span><br \/><span style=\"color: #000000;\">NIF:\u00a0 B-62529516<\/span><br \/><span style=\"color: #000000;\">UBICACI\u00d3N:\u00a0<\/span><span style=\"color: #000000; font-style: inherit; font-weight: inherit;\">Avda. de Torreblanca 57, B-19 \u2013 08172 \u2013 Sant Cugat del\u00a0<\/span><span style=\"color: #000000; font-style: inherit; font-weight: inherit;\">Vall\u00e9s<\/span><\/p><p><span style=\"color: #000000;\">Finalidad. Gestionar los datos del interesado con el fin de poder tramitar y gestionar la denuncia<\/span><br \/><span style=\"color: #000000;\">interpuesta mediante el canal habilitado,<\/span><br \/><span style=\"color: #000000;\">Legitimaci\u00f3n.<\/span><br \/><span style=\"color: #000000;\">\u2022 El tratamiento de datos personales, cuando sea obligatorio disponer de un Sistema<\/span><br \/><span style=\"color: #000000;\">Interno de Informaci\u00f3n y en los supuestos de comunicaci\u00f3n interna, se entender\u00e1 l\u00edcito<\/span><br \/><span style=\"color: #000000;\">el tratamiento en virtud de lo que disponen los art\u00edculos 6.1.c) del RGPD, el art\u00edculo 8 de<\/span><br \/><span style=\"color: #000000;\">la LOPDGDD, y 11 de la Ley Org\u00e1nica 7\/2021, de 26 de mayo.<\/span><br \/><span style=\"color: #000000;\">\u2022 El tratamiento de datos personales en los supuestos de canales de comunicaci\u00f3n externos<\/span><br \/><span style=\"color: #000000;\">se entender\u00e1 l\u00edcito en virtud de lo que disponen los art\u00edculos 6.1.c) del RGPD.<\/span><br \/><span style=\"color: #000000;\">\u2022 El tratamiento de datos personales derivado de una revelaci\u00f3n p\u00fablica se presumir\u00e1<\/span><br \/><span style=\"color: #000000;\">amparado en lo dispuesto en los art\u00edculos 6.1.e) del RGPD.<\/span><br \/><span style=\"color: #000000;\">\u2022 En el supuesto que se trataran categor\u00edas especiales de datos personales por razones de<\/span><br \/><span style=\"color: #000000;\">un inter\u00e9s p\u00fablico esencial, el tratamiento ser\u00e1 l\u00edcito conforme a lo previsto en el art\u00edculo<\/span><br \/><span style=\"color: #000000;\">9.2.g) del RGPD.<\/span><br \/><span style=\"color: #000000;\">Transferencias Internacionales de Datos. No se realizan Transferencia Internacionales de datos a<\/span><br \/><span style=\"color: #000000;\">terceros pa\u00edses fuera de la Uni\u00f3n Europea.<\/span><br \/><span style=\"color: #000000;\">Comunicaci\u00f3n de datos: Ser\u00e1 l\u00edcito el tratamiento de los datos por otras personas, o incluso su<\/span><br \/><span style=\"color: #000000;\">comunicaci\u00f3n a terceros, cuando resulte necesario para la adopci\u00f3n de medidas correctoras en<\/span><br \/><span style=\"color: #000000;\">la entidad o la tramitaci\u00f3n de los procedimientos sancionadores o penales que, en su caso,<\/span><br \/><span style=\"color: #000000;\">procedan.<\/span><br \/><span style=\"color: #000000;\">Conservaci\u00f3n de Datos. Los datos que sean objeto de tratamiento podr\u00e1n conservarse en el<\/span><br \/><span style=\"color: #000000;\">sistema de informaciones \u00fanicamente durante el tiempo imprescindible para decidir sobre la<\/span><br \/><span style=\"color: #000000;\">procedencia de iniciar una investigaci\u00f3n sobre los hechos informados. Si se acreditara que la<\/span><br \/><span style=\"color: #000000;\">informaci\u00f3n facilitada o parte de ella no es veraz, deber\u00e1 procederse a su inmediata supresi\u00f3n<\/span><br \/><span style=\"color: #000000;\">desde el momento en que se tenga constancia de dicha circunstancia, salvo que dicha falta de<\/span><br \/><span style=\"color: #000000;\">veracidad pueda constituir un il\u00edcito penal, en cuyo caso se guardar\u00e1 la informaci\u00f3n por el tiempo<\/span><br \/><span style=\"color: #000000;\">necesario durante el que se tramite el procedimiento judicial. En todo caso, transcurridos tres<\/span><\/p><p><span style=\"color: #000000;\">meses desde la recepci\u00f3n de la comunicaci\u00f3n sin que se hubiesen iniciado actuaciones de<\/span><br \/><span style=\"color: #000000;\">investigaci\u00f3n, deber\u00e1 procederse a su supresi\u00f3n, salvo que la finalidad de la conservaci\u00f3n sea<\/span><br \/><span style=\"color: #000000;\">dejar evidencia del funcionamiento del sistema. Las comunicaciones a las que no se haya dado<\/span><br \/><span style=\"color: #000000;\">curso solamente podr\u00e1n constar de forma anonimizada, sin que sea de aplicaci\u00f3n la obligaci\u00f3n de<\/span><br \/><span style=\"color: #000000;\">bloqueo prevista en el art\u00edculo 32 de la Ley Org\u00e1nica 3\/2018, de 5 de diciembre.<\/span><br \/><span style=\"color: #000000;\">Derechos de los interesados. El interesado que podr\u00e1 ejercer los derechos de acceso, rectificaci\u00f3n<\/span><br \/><span style=\"color: #000000;\">y supresi\u00f3n (Derecho al olvido), limitaci\u00f3n de los datos, portabilidad de los datos y oposici\u00f3n,<\/span><br \/><span style=\"color: #000000;\">enviando un escrito a PRUYMANN CONSULTING, S.L. (Ed. Esade Creapolis, Avda\/ TORRE BLANCA,<\/span><br \/><span style=\"color: #000000;\">57, B-21-22 08172 SANT CUGAT DEL VALL\u00c8S) as\u00ed como, presentar una reclamaci\u00f3n ante la<\/span><br \/><span style=\"color: #000000;\">Autoridad de Control competente en materia de protecci\u00f3n de datos (en la actualidad la Agencia<\/span><br \/><span style=\"color: #000000;\">Espa\u00f1ola de Protecci\u00f3n de Datos) en el supuesto que no obtenga una respuesta satisfactoria y<\/span><br \/><span style=\"color: #000000;\">desee formular una reclamaci\u00f3n u obtener m\u00e1s informaci\u00f3n al respecto de cualquier de estos<\/span><br \/><span style=\"color: #000000;\">derechos.<\/span><\/p><p><span style=\"color: #000000;\">7. COMUNICACI\u00d3N Y FORMACI\u00d3N<\/span><br \/><span style=\"color: #000000;\">Para poder garantizar los derechos de los destinatarios del presente protocolo, as\u00ed como que los<\/span><br \/><span style=\"color: #000000;\">mismos conozcan sus obligaciones, se debe proveer informaci\u00f3n previa, precisa e inequ\u00edvoca a los<\/span><br \/><span style=\"color: #000000;\">miembros de PRUYMANN sobre la existencia este protocolo.<\/span><br \/><span style=\"color: #000000;\">Se establece la obligaci\u00f3n de informar de la existencia y acceso al canal de informaci\u00f3n mediante,<\/span><br \/><span style=\"color: #000000;\">como m\u00ednimo, la publicaci\u00f3n en la p\u00e1gina web.<\/span><br \/><span style=\"color: #000000;\">La persona Responsable del Sistema deber\u00e1 coordinar y controlar las acciones de comunicaci\u00f3n y<\/span><br \/><span style=\"color: #000000;\">formaci\u00f3n necesarias para asegurar que todas las personas que tienen relaci\u00f3n con PRUYMANN<\/span><br \/><span style=\"color: #000000;\">conozcan su existencia y su forma de operar.<\/span><\/p><p><span style=\"color: #000000;\">8. APROBACI\u00d3N, ENTRADA EN VIGOR Y REVISI\u00d3N<\/span><br \/><span style=\"color: #000000;\">EL Administrador de PRUYMANN aprueba el presente protocolo del Canal de Comunicaci\u00f3n,<\/span><br \/><span style=\"color: #000000;\">siendo la Versi\u00f3n V.2026.1 mediante Acta de fecha 15\/01\/2026.<\/span><\/p>\t\t\t\t\t\t\t\t<\/div>\n\t\t\t\t<\/div>\n\t\t\t\t\t<\/div>\n\t\t<\/div>\n\t\t\t\t\t<\/div>\n\t\t<\/section>\n\t\t\t\t<\/div>","protected":false},"excerpt":{"rendered":"<p>Protocolo del canal de comunicaci\u00f3n Versi\u00f3n V.2026.11. FINALIDADPRUYMANN, con el objetivo de dar cumplimiento a su Sistema Interno de Informaci\u00f3nimplementado \u2013 en adelante \u201cel Sistema\u201d o \u201cSII\u201d \u2013, as\u00ed como a la Ley 2\/2023, de 20 de febrero,reguladora de la protecci\u00f3n de las personas que informen sobre las infracciones normativas y delucha contra la corrupci\u00f3n [&hellip;]<\/p>","protected":false},"author":2,"featured_media":0,"parent":0,"menu_order":0,"comment_status":"closed","ping_status":"closed","template":"","meta":{"site-sidebar-layout":"no-sidebar","site-content-layout":"page-builder","ast-site-content-layout":"full-width-container","site-content-style":"default","site-sidebar-style":"default","ast-global-header-display":"","ast-banner-title-visibility":"","ast-main-header-display":"","ast-hfb-above-header-display":"","ast-hfb-below-header-display":"","ast-hfb-mobile-header-display":"","site-post-title":"disabled","ast-breadcrumbs-content":"","ast-featured-img":"disabled","footer-sml-layout":"","theme-transparent-header-meta":"","adv-header-id-meta":"","stick-header-meta":"","header-above-stick-meta":"","header-main-stick-meta":"","header-below-stick-meta":"","astra-migrate-meta-layouts":"set","ast-page-background-enabled":"default","ast-page-background-meta":{"desktop":{"background-color":"","background-image":"","background-repeat":"repeat","background-position":"center center","background-size":"auto","background-attachment":"scroll","background-type":"","background-media":"","overlay-type":"","overlay-color":"","overlay-opacity":"","overlay-gradient":""},"tablet":{"background-color":"","background-image":"","background-repeat":"repeat","background-position":"center center","background-size":"auto","background-attachment":"scroll","background-type":"","background-media":"","overlay-type":"","overlay-color":"","overlay-opacity":"","overlay-gradient":""},"mobile":{"background-color":"","background-image":"","background-repeat":"repeat","background-position":"center center","background-size":"auto","background-attachment":"scroll","background-type":"","background-media":"","overlay-type":"","overlay-color":"","overlay-opacity":"","overlay-gradient":""}},"ast-content-background-meta":{"desktop":{"background-color":"var(--ast-global-color-5)","background-image":"","background-repeat":"repeat","background-position":"center center","background-size":"auto","background-attachment":"scroll","background-type":"","background-media":"","overlay-type":"","overlay-color":"","overlay-opacity":"","overlay-gradient":""},"tablet":{"background-color":"var(--ast-global-color-5)","background-image":"","background-repeat":"repeat","background-position":"center center","background-size":"auto","background-attachment":"scroll","background-type":"","background-media":"","overlay-type":"","overlay-color":"","overlay-opacity":"","overlay-gradient":""},"mobile":{"background-color":"var(--ast-global-color-5)","background-image":"","background-repeat":"repeat","background-position":"center center","background-size":"auto","background-attachment":"scroll","background-type":"","background-media":"","overlay-type":"","overlay-color":"","overlay-opacity":"","overlay-gradient":""}},"footnotes":""},"class_list":["post-4861","page","type-page","status-publish","hentry"],"rankMath":{"parentDomain":"pruymannconsulting.com","noFollowDomains":[],"noFollowExcludeDomains":[],"noFollowExternalLinks":false,"featuredImageNotice":"The featured image should be at least 200 by 200 pixels to be picked up by Facebook and other social media sites.","pluginReviewed":false,"postSettings":{"linkSuggestions":true,"useFocusKeyword":false},"frontEndScore":false,"postName":"protocolo-canal-etico","permalinkFormat":"https:\/\/pruymannconsulting.com\/cat\/%pagename%\/","showLockModifiedDate":true,"assessor":{"focusKeywordLink":"https:\/\/pruymannconsulting.com\/wp-admin\/edit.php?focus_keyword=%focus_keyword%&post_type=%post_type%","hasTOCPlugin":false,"primaryTaxonomy":false,"serpData":{"title":"","description":"","focusKeywords":"","pillarContent":false,"canonicalUrl":"","breadcrumbTitle":"","advancedRobots":{"max-snippet":"-1","max-video-preview":"-1","max-image-preview":"large"},"facebookTitle":"","facebookDescription":"","facebookImage":"","facebookImageID":"","facebookHasOverlay":false,"facebookImageOverlay":"","facebookAuthor":"","twitterCardType":"","twitterUseFacebook":true,"twitterTitle":"","twitterDescription":"","twitterImage":"","twitterImageID":"","twitterHasOverlay":false,"twitterImageOverlay":"","twitterPlayerUrl":"","twitterPlayerSize":"","twitterPlayerStream":"","twitterPlayerStreamCtype":"","twitterAppDescription":"","twitterAppIphoneName":"","twitterAppIphoneID":"","twitterAppIphoneUrl":"","twitterAppIpadName":"","twitterAppIpadID":"","twitterAppIpadUrl":"","twitterAppGoogleplayName":"","twitterAppGoogleplayID":"","twitterAppGoogleplayUrl":"","twitterAppCountry":"","robots":{"index":true},"twitterAuthor":"username","primaryTerm":0,"authorName":"Pruymann Consulting","titleTemplate":"%title% %sep% %sitename%","descriptionTemplate":"%excerpt%","showScoreFrontend":true,"lockModifiedDate":false},"powerWords":[],"diacritics":{"A":"[\\u0041\\u24B6\\uFF21\\u00C0\\u00C1\\u00C2\\u1EA6\\u1EA4\\u1EAA\\u1EA8\\u00C3\\u0100\\u0102\\u1EB0\\u1EAE\\u1EB4\\u1EB2\\u0226\\u01E0\\u00C4\\u01DE\\u1EA2\\u00C5\\u01FA\\u01CD\\u0200\\u0202\\u1EA0\\u1EAC\\u1EB6\\u1E00\\u0104\\u023A\\u2C6F]","AA":"[\\uA732]","AE":"[\\u00C6\\u01FC\\u01E2]","AO":"[\\uA734]","AU":"[\\uA736]","AV":"[\\uA738\\uA73A]","AY":"[\\uA73C]","B":"[\\u0042\\u24B7\\uFF22\\u1E02\\u1E04\\u1E06\\u0243\\u0182\\u0181]","C":"[\\u0043\\u24B8\\uFF23\\u0106\\u0108\\u010A\\u010C\\u00C7\\u1E08\\u0187\\u023B\\uA73E]","D":"[\\u0044\\u24B9\\uFF24\\u1E0A\\u010E\\u1E0C\\u1E10\\u1E12\\u1E0E\\u0110\\u018B\\u018A\\u0189\\uA779]","DZ":"[\\u01F1\\u01C4]","Dz":"[\\u01F2\\u01C5]","E":"[\\u0045\\u24BA\\uFF25\\u00C8\\u00C9\\u00CA\\u1EC0\\u1EBE\\u1EC4\\u1EC2\\u1EBC\\u0112\\u1E14\\u1E16\\u0114\\u0116\\u00CB\\u1EBA\\u011A\\u0204\\u0206\\u1EB8\\u1EC6\\u0228\\u1E1C\\u0118\\u1E18\\u1E1A\\u0190\\u018E]","F":"[\\u0046\\u24BB\\uFF26\\u1E1E\\u0191\\uA77B]","G":"[\\u0047\\u24BC\\uFF27\\u01F4\\u011C\\u1E20\\u011E\\u0120\\u01E6\\u0122\\u01E4\\u0193\\uA7A0\\uA77D\\uA77E]","H":"[\\u0048\\u24BD\\uFF28\\u0124\\u1E22\\u1E26\\u021E\\u1E24\\u1E28\\u1E2A\\u0126\\u2C67\\u2C75\\uA78D]","I":"[\\u0049\\u24BE\\uFF29\\u00CC\\u00CD\\u00CE\\u0128\\u012A\\u012C\\u0130\\u00CF\\u1E2E\\u1EC8\\u01CF\\u0208\\u020A\\u1ECA\\u012E\\u1E2C\\u0197]","J":"[\\u004A\\u24BF\\uFF2A\\u0134\\u0248]","K":"[\\u004B\\u24C0\\uFF2B\\u1E30\\u01E8\\u1E32\\u0136\\u1E34\\u0198\\u2C69\\uA740\\uA742\\uA744\\uA7A2]","L":"[\\u004C\\u24C1\\uFF2C\\u013F\\u0139\\u013D\\u1E36\\u1E38\\u013B\\u1E3C\\u1E3A\\u0141\\u023D\\u2C62\\u2C60\\uA748\\uA746\\uA780]","LJ":"[\\u01C7]","Lj":"[\\u01C8]","M":"[\\u004D\\u24C2\\uFF2D\\u1E3E\\u1E40\\u1E42\\u2C6E\\u019C]","N":"[\\u004E\\u24C3\\uFF2E\\u01F8\\u0143\\u00D1\\u1E44\\u0147\\u1E46\\u0145\\u1E4A\\u1E48\\u0220\\u019D\\uA790\\uA7A4]","NJ":"[\\u01CA]","Nj":"[\\u01CB]","O":"[\\u004F\\u24C4\\uFF2F\\u00D2\\u00D3\\u00D4\\u1ED2\\u1ED0\\u1ED6\\u1ED4\\u00D5\\u1E4C\\u022C\\u1E4E\\u014C\\u1E50\\u1E52\\u014E\\u022E\\u0230\\u00D6\\u022A\\u1ECE\\u0150\\u01D1\\u020C\\u020E\\u01A0\\u1EDC\\u1EDA\\u1EE0\\u1EDE\\u1EE2\\u1ECC\\u1ED8\\u01EA\\u01EC\\u00D8\\u01FE\\u0186\\u019F\\uA74A\\uA74C]","OI":"[\\u01A2]","OO":"[\\uA74E]","OU":"[\\u0222]","P":"[\\u0050\\u24C5\\uFF30\\u1E54\\u1E56\\u01A4\\u2C63\\uA750\\uA752\\uA754]","Q":"[\\u0051\\u24C6\\uFF31\\uA756\\uA758\\u024A]","R":"[\\u0052\\u24C7\\uFF32\\u0154\\u1E58\\u0158\\u0210\\u0212\\u1E5A\\u1E5C\\u0156\\u1E5E\\u024C\\u2C64\\uA75A\\uA7A6\\uA782]","S":"[\\u0053\\u24C8\\uFF33\\u1E9E\\u015A\\u1E64\\u015C\\u1E60\\u0160\\u1E66\\u1E62\\u1E68\\u0218\\u015E\\u2C7E\\uA7A8\\uA784]","T":"[\\u0054\\u24C9\\uFF34\\u1E6A\\u0164\\u1E6C\\u021A\\u0162\\u1E70\\u1E6E\\u0166\\u01AC\\u01AE\\u023E\\uA786]","TZ":"[\\uA728]","U":"[\\u0055\\u24CA\\uFF35\\u00D9\\u00DA\\u00DB\\u0168\\u1E78\\u016A\\u1E7A\\u016C\\u00DC\\u01DB\\u01D7\\u01D5\\u01D9\\u1EE6\\u016E\\u0170\\u01D3\\u0214\\u0216\\u01AF\\u1EEA\\u1EE8\\u1EEE\\u1EEC\\u1EF0\\u1EE4\\u1E72\\u0172\\u1E76\\u1E74\\u0244]","V":"[\\u0056\\u24CB\\uFF36\\u1E7C\\u1E7E\\u01B2\\uA75E\\u0245]","VY":"[\\uA760]","W":"[\\u0057\\u24CC\\uFF37\\u1E80\\u1E82\\u0174\\u1E86\\u1E84\\u1E88\\u2C72]","X":"[\\u0058\\u24CD\\uFF38\\u1E8A\\u1E8C]","Y":"[\\u0059\\u24CE\\uFF39\\u1EF2\\u00DD\\u0176\\u1EF8\\u0232\\u1E8E\\u0178\\u1EF6\\u1EF4\\u01B3\\u024E\\u1EFE]","Z":"[\\u005A\\u24CF\\uFF3A\\u0179\\u1E90\\u017B\\u017D\\u1E92\\u1E94\\u01B5\\u0224\\u2C7F\\u2C6B\\uA762]","a":"[\\u0061\\u24D0\\uFF41\\u1E9A\\u00E0\\u00E1\\u00E2\\u1EA7\\u1EA5\\u1EAB\\u1EA9\\u00E3\\u0101\\u0103\\u1EB1\\u1EAF\\u1EB5\\u1EB3\\u0227\\u01E1\\u00E4\\u01DF\\u1EA3\\u00E5\\u01FB\\u01CE\\u0201\\u0203\\u1EA1\\u1EAD\\u1EB7\\u1E01\\u0105\\u2C65\\u0250]","aa":"[\\uA733]","ae":"[\\u00E6\\u01FD\\u01E3]","ao":"[\\uA735]","au":"[\\uA737]","av":"[\\uA739\\uA73B]","ay":"[\\uA73D]","b":"[\\u0062\\u24D1\\uFF42\\u1E03\\u1E05\\u1E07\\u0180\\u0183\\u0253]","c":"[\\u0063\\u24D2\\uFF43\\u0107\\u0109\\u010B\\u010D\\u00E7\\u1E09\\u0188\\u023C\\uA73F\\u2184]","d":"[\\u0064\\u24D3\\uFF44\\u1E0B\\u010F\\u1E0D\\u1E11\\u1E13\\u1E0F\\u0111\\u018C\\u0256\\u0257\\uA77A]","dz":"[\\u01F3\\u01C6]","e":"[\\u0065\\u24D4\\uFF45\\u00E8\\u00E9\\u00EA\\u1EC1\\u1EBF\\u1EC5\\u1EC3\\u1EBD\\u0113\\u1E15\\u1E17\\u0115\\u0117\\u00EB\\u1EBB\\u011B\\u0205\\u0207\\u1EB9\\u1EC7\\u0229\\u1E1D\\u0119\\u1E19\\u1E1B\\u0247\\u025B\\u01DD]","f":"[\\u0066\\u24D5\\uFF46\\u1E1F\\u0192\\uA77C]","g":"[\\u0067\\u24D6\\uFF47\\u01F5\\u011D\\u1E21\\u011F\\u0121\\u01E7\\u0123\\u01E5\\u0260\\uA7A1\\u1D79\\uA77F]","h":"[\\u0068\\u24D7\\uFF48\\u0125\\u1E23\\u1E27\\u021F\\u1E25\\u1E29\\u1E2B\\u1E96\\u0127\\u2C68\\u2C76\\u0265]","hv":"[\\u0195]","i":"[\\u0069\\u24D8\\uFF49\\u00EC\\u00ED\\u00EE\\u0129\\u012B\\u012D\\u00EF\\u1E2F\\u1EC9\\u01D0\\u0209\\u020B\\u1ECB\\u012F\\u1E2D\\u0268\\u0131]","j":"[\\u006A\\u24D9\\uFF4A\\u0135\\u01F0\\u0249]","k":"[\\u006B\\u24DA\\uFF4B\\u1E31\\u01E9\\u1E33\\u0137\\u1E35\\u0199\\u2C6A\\uA741\\uA743\\uA745\\uA7A3]","l":"[\\u006C\\u24DB\\uFF4C\\u0140\\u013A\\u013E\\u1E37\\u1E39\\u013C\\u1E3D\\u1E3B\\u017F\\u0142\\u019A\\u026B\\u2C61\\uA749\\uA781\\uA747]","lj":"[\\u01C9]","m":"[\\u006D\\u24DC\\uFF4D\\u1E3F\\u1E41\\u1E43\\u0271\\u026F]","n":"[\\u006E\\u24DD\\uFF4E\\u01F9\\u0144\\u00F1\\u1E45\\u0148\\u1E47\\u0146\\u1E4B\\u1E49\\u019E\\u0272\\u0149\\uA791\\uA7A5]","nj":"[\\u01CC]","o":"[\\u006F\\u24DE\\uFF4F\\u00F2\\u00F3\\u00F4\\u1ED3\\u1ED1\\u1ED7\\u1ED5\\u00F5\\u1E4D\\u022D\\u1E4F\\u014D\\u1E51\\u1E53\\u014F\\u022F\\u0231\\u00F6\\u022B\\u1ECF\\u0151\\u01D2\\u020D\\u020F\\u01A1\\u1EDD\\u1EDB\\u1EE1\\u1EDF\\u1EE3\\u1ECD\\u1ED9\\u01EB\\u01ED\\u00F8\\u01FF\\u0254\\uA74B\\uA74D\\u0275]","oi":"[\\u01A3]","ou":"[\\u0223]","oo":"[\\uA74F]","p":"[\\u0070\\u24DF\\uFF50\\u1E55\\u1E57\\u01A5\\u1D7D\\uA751\\uA753\\uA755]","q":"[\\u0071\\u24E0\\uFF51\\u024B\\uA757\\uA759]","r":"[\\u0072\\u24E1\\uFF52\\u0155\\u1E59\\u0159\\u0211\\u0213\\u1E5B\\u1E5D\\u0157\\u1E5F\\u024D\\u027D\\uA75B\\uA7A7\\uA783]","s":"[\\u0073\\u24E2\\uFF53\\u015B\\u1E65\\u015D\\u1E61\\u0161\\u1E67\\u1E63\\u1E69\\u0219\\u015F\\u023F\\uA7A9\\uA785\\u1E9B]","ss":"[\\u00DF]","t":"[\\u0074\\u24E3\\uFF54\\u1E6B\\u1E97\\u0165\\u1E6D\\u021B\\u0163\\u1E71\\u1E6F\\u0167\\u01AD\\u0288\\u2C66\\uA787]","tz":"[\\uA729]","u":"[\\u0075\\u24E4\\uFF55\\u00F9\\u00FA\\u00FB\\u0169\\u1E79\\u016B\\u1E7B\\u016D\\u00FC\\u01DC\\u01D8\\u01D6\\u01DA\\u1EE7\\u016F\\u0171\\u01D4\\u0215\\u0217\\u01B0\\u1EEB\\u1EE9\\u1EEF\\u1EED\\u1EF1\\u1EE5\\u1E73\\u0173\\u1E77\\u1E75\\u0289]","v":"[\\u0076\\u24E5\\uFF56\\u1E7D\\u1E7F\\u028B\\uA75F\\u028C]","vy":"[\\uA761]","w":"[\\u0077\\u24E6\\uFF57\\u1E81\\u1E83\\u0175\\u1E87\\u1E85\\u1E98\\u1E89\\u2C73]","x":"[\\u0078\\u24E7\\uFF58\\u1E8B\\u1E8D]","y":"[\\u0079\\u24E8\\uFF59\\u1EF3\\u00FD\\u0177\\u1EF9\\u0233\\u1E8F\\u00FF\\u1EF7\\u1E99\\u1EF5\\u01B4\\u024F\\u1EFF]","z":"[\\u007A\\u24E9\\uFF5A\\u017A\\u1E91\\u017C\\u017E\\u1E93\\u1E95\\u01B6\\u0225\\u0240\\u2C6C\\uA763]"},"researchesTests":["contentHasTOC","contentHasShortParagraphs","contentHasAssets","keywordInTitle","keywordInMetaDescription","keywordInPermalink","keywordIn10Percent","keywordInContent","keywordInSubheadings","keywordInImageAlt","keywordDensity","keywordNotUsed","lengthContent","lengthPermalink","linksHasInternal","linksHasExternals","linksNotAllExternals","titleStartWithKeyword","titleSentiment","titleHasPowerWords","titleHasNumber","hasContentAI"],"hasRedirection":true,"hasBreadcrumb":true},"homeUrl":"https:\/\/pruymannconsulting.com\/cat","objectID":4861,"objectType":"post","locale":"ca","localeFull":"ca","overlayImages":{"play":{"name":"Play icon","url":"https:\/\/pruymannconsulting.com\/wp-content\/plugins\/seo-by-rank-math\/assets\/admin\/img\/icon-play.png","path":"\/var\/www\/vhosts\/pruymannconsulting.com\/httpdocs\/wp-content\/plugins\/seo-by-rank-math\/assets\/admin\/img\/icon-play.png","position":"middle_center"},"gif":{"name":"GIF icon","url":"https:\/\/pruymannconsulting.com\/wp-content\/plugins\/seo-by-rank-math\/assets\/admin\/img\/icon-gif.png","path":"\/var\/www\/vhosts\/pruymannconsulting.com\/httpdocs\/wp-content\/plugins\/seo-by-rank-math\/assets\/admin\/img\/icon-gif.png","position":"middle_center"}},"defautOgImage":"https:\/\/pruymannconsulting.com\/wp-content\/plugins\/seo-by-rank-math\/assets\/admin\/img\/social-placeholder.jpg","customPermalinks":true,"isUserRegistered":false,"autoSuggestKeywords":false,"connectSiteUrl":"https:\/\/rankmath.com\/auth?site=https%3A%2F%2Fpruymannconsulting.com%2Fcat&r=https%3A%2F%2Fpruymannconsulting.com%2Fcat%2Fwp-json%2Fwp%2Fv2%2Fpages%2F4861%3Fnonce%3D2258f0a0a4","maxTags":5,"trendsIcon":"<svg viewBox=\"0 0 610 610\"><path d=\"M18.85,446,174.32,290.48l58.08,58.08L76.93,504a14.54,14.54,0,0,1-20.55,0L18.83,466.48a14.54,14.54,0,0,1,0-20.55Z\" style=\"fill:#4285f4\"\/><path d=\"M242.65,242.66,377.59,377.6l-47.75,47.75a14.54,14.54,0,0,1-20.55,0L174.37,290.43l47.75-47.75A14.52,14.52,0,0,1,242.65,242.66Z\" style=\"fill:#ea4335\"\/><polygon points=\"319.53 319.53 479.26 159.8 537.34 217.88 377.61 377.62 319.53 319.53\" style=\"fill:#fabb05\"\/><path d=\"M594.26,262.73V118.61h0a16.94,16.94,0,0,0-16.94-16.94H433.2a16.94,16.94,0,0,0-12,28.92L565.34,274.71h0a16.94,16.94,0,0,0,28.92-12Z\" style=\"fill:#34a853\"\/><rect width=\"610\" height=\"610\" style=\"fill:none\"\/><\/svg>","showScore":true,"siteFavIcon":"https:\/\/pruymannconsulting.com\/wp-content\/uploads\/2021\/07\/16x16_pruymann_favicon.png","canUser":{"general":false,"advanced":false,"snippet":false,"social":false,"analysis":false,"analytics":false,"content_ai":false},"showKeywordIntent":true,"isPro":false,"is_front_page":false,"trendsUpgradeLink":"https:\/\/rankmath.com\/pricing\/?utm_source=Plugin&utm_medium=CE%20General%20Tab%20Trends&utm_campaign=WP","trendsUpgradeLabel":"Upgrade","trendsPreviewImage":"https:\/\/pruymannconsulting.com\/wp-content\/plugins\/seo-by-rank-math\/assets\/admin\/img\/trends-preview.jpg","currentEditor":false,"homepageData":{"assessor":{"powerWords":[],"diacritics":true,"researchesTests":["contentHasTOC","contentHasShortParagraphs","contentHasAssets","keywordInTitle","keywordInMetaDescription","keywordInPermalink","keywordIn10Percent","keywordInContent","keywordInSubheadings","keywordInImageAlt","keywordDensity","keywordNotUsed","lengthContent","lengthPermalink","linksHasInternal","linksHasExternals","linksNotAllExternals","titleStartWithKeyword","titleSentiment","titleHasPowerWords","titleHasNumber","hasContentAI"],"hasBreadcrumb":true,"serpData":{"title":"%sitename% %page% %sep% %sitedesc%","description":"","titleTemplate":"%sitename% %page% %sep% %sitedesc%","descriptionTemplate":"","focusKeywords":"","breadcrumbTitle":"Home","robots":{"index":true},"advancedRobots":{"max-snippet":"-1","max-video-preview":"-1","max-image-preview":"large"},"facebookTitle":"","facebookDescription":"","facebookImage":"","facebookImageID":""}}},"tocTitle":"Table of Contents","tocExcludeHeadings":[],"listStyle":"ul"},"_links":{"self":[{"href":"https:\/\/pruymannconsulting.com\/cat\/wp-json\/wp\/v2\/pages\/4861","targetHints":{"allow":["GET"]}}],"collection":[{"href":"https:\/\/pruymannconsulting.com\/cat\/wp-json\/wp\/v2\/pages"}],"about":[{"href":"https:\/\/pruymannconsulting.com\/cat\/wp-json\/wp\/v2\/types\/page"}],"author":[{"embeddable":true,"href":"https:\/\/pruymannconsulting.com\/cat\/wp-json\/wp\/v2\/users\/2"}],"replies":[{"embeddable":true,"href":"https:\/\/pruymannconsulting.com\/cat\/wp-json\/wp\/v2\/comments?post=4861"}],"version-history":[{"count":10,"href":"https:\/\/pruymannconsulting.com\/cat\/wp-json\/wp\/v2\/pages\/4861\/revisions"}],"predecessor-version":[{"id":4896,"href":"https:\/\/pruymannconsulting.com\/cat\/wp-json\/wp\/v2\/pages\/4861\/revisions\/4896"}],"wp:attachment":[{"href":"https:\/\/pruymannconsulting.com\/cat\/wp-json\/wp\/v2\/media?parent=4861"}],"curies":[{"name":"wp","href":"https:\/\/api.w.org\/{rel}","templated":true}]}}